{"id":3,"date":"2023-05-26T11:14:56","date_gmt":"2023-05-26T09:14:56","guid":{"rendered":"http:\/\/comaresme.cat\/?page_id=3"},"modified":"2023-07-13T18:29:27","modified_gmt":"2023-07-13T16:29:27","slug":"politica-de-privacidad","status":"publish","type":"page","link":"https:\/\/www.comaresme.cat\/ca\/politica-de-privacidad\/","title":{"rendered":"Pol\u00edtica de privacidad"},"content":{"rendered":"<div data-elementor-type=\"wp-page\" data-elementor-id=\"3\" class=\"elementor elementor-3\" data-elementor-post-type=\"page\">\n\t\t\t\t\t\t<section class=\"elementor-section elementor-top-section elementor-element elementor-element-dbb718d elementor-section-boxed elementor-section-height-default elementor-section-height-default\" data-id=\"dbb718d\" data-element_type=\"section\" data-e-type=\"section\">\n\t\t\t\t\t\t<div class=\"elementor-container elementor-column-gap-default\">\n\t\t\t\t\t<div class=\"elementor-column elementor-col-100 elementor-top-column elementor-element elementor-element-f9a3633\" data-id=\"f9a3633\" data-element_type=\"column\" data-e-type=\"column\">\n\t\t\t<div class=\"elementor-widget-wrap elementor-element-populated\">\n\t\t\t\t\t\t<div class=\"elementor-element elementor-element-8f483a0 elementor-widget elementor-widget-text-editor\" data-id=\"8f483a0\" data-element_type=\"widget\" data-e-type=\"widget\" data-widget_type=\"text-editor.default\">\n\t\t\t\t<div class=\"elementor-widget-container\">\n\t\t\t\t\t\t\t\t\t<h2>Pol\u00edtica de privacidad<\/h2>\n<ol>\n<li style=\"font-weight: 400;\">PRIVACIDAD Y TRATAMIENTO DE LA INFORMACI\u00d3N<\/li>\n<\/ol>\n<p style=\"font-weight: 400;\">1.1.- DERECHO DE INFORMACI\u00d3N<\/p>\n<p style=\"font-weight: 400;\">De acuerdo con lo dispuesto en el art\u00edculo 11 de la Ley Org\u00e1nica 3\/2018 de 5 de diciembre, de Protecci\u00f3n de Datos y garant\u00eda de derechos digitales (en adelante LOPD) y el art\u00edculo 13 del Reglamento General de Protecci\u00f3n de datos le informamos de:<\/p>\n<p style=\"font-weight: 400;\">1.1.1.- IDENTIFICACI\u00d3N DE RESPONSABLES<\/p>\n<p style=\"font-weight: 400;\">En esta web pueden recoger datos tres entidades que, en sus respectivos \u00e1mbitos, son responsables del tratamiento. En cada formulario se indicar\u00e1 a quien van dirigidos los datos que se recogen, siendo esta entidad la responsable de su tratamiento. Los responsables del tratamiento de los datos que se recojan en esta web es Servicios Oftalmol\u00f3gicos del Dr. Arasanz. Pueden contactar a trav\u00e9s del correo electr\u00f3nico : info@comaresme.cat<\/p>\n<p style=\"font-weight: 400;\">1.1.2.- FINALIDADES DE TRATAMIENTO Y BASE JUR\u00cdDICA<\/p>\n<p style=\"font-weight: 400;\">Los datos que nos facilite en los formularios que encontrar\u00e1 en la web, los que nos env\u00ede a nuestra direcci\u00f3n de correo electr\u00f3nico y los que se puedan generar mientras mantenga relaci\u00f3n con el responsable del tratamiento se incorporar\u00e1n, tal como nos los ceda, a una base de datos titularidad del responsable del tratamiento.<\/p>\n<p style=\"font-weight: 400;\">Utilizaremos los datos para prestarle los servicios que nos solicite y para enviarle informaci\u00f3n de nuestras actividades y servicios por correo electr\u00f3nico o direcci\u00f3n postal.<\/p>\n<p style=\"font-weight: 400;\">La base jur\u00eddica de este tratamiento ser\u00e1 la relaci\u00f3n contractual que mantenga con el responsable del tratamiento y el consentimiento que otorga al aceptar este aviso.<\/p>\n<p style=\"font-weight: 400;\">1.1.3.- CATEGOR\u00cdAS DE DESTINATARIOS.<\/p>\n<p style=\"font-weight: 400;\">Para dar cumplimiento a las anteriores finalidades tendr\u00e1n acceso a sus datos:<\/p>\n<ul>\n<li style=\"font-weight: 400;\">El personal debidamente autorizado por la direcci\u00f3n del responsable del tratamiento.<\/li>\n<li style=\"font-weight: 400;\">Los proveedores necesarios para dar cumplimiento a su solicitud.<\/li>\n<li style=\"font-weight: 400;\">La administraci\u00f3n p\u00fablica en el \u00e1mbito de sus competencias.<\/li>\n<\/ul>\n<p style=\"font-weight: 400;\">1.1.4.- TRANSFERENCIA INTERNACIONAL DE DATOS.<\/p>\n<p style=\"font-weight: 400;\">Servicios Oftalmol\u00f3gicos del Dr Arasanz, utiliza un programa de gesti\u00f3n integral de clientes (CRM) para gestionar la informaci\u00f3n de sus clientes y realizar un seguimiento personalizado con la finalidad mejorar la prestaci\u00f3n los servicios que proporciona. Por motivos de seguridad, esta informaci\u00f3n se puede alojar en una nube, por lo que la informaci\u00f3n se puede almacenar fuera de la Uni\u00f3n Europea. Conforme a las indicaciones del Consejo de Europa la empresa de Servicios Oftamol\u00f3gicos del Dr Arasanz ha firmado cl\u00e1usulas tipo con sus proveedores que garantizan un nivel de protecci\u00f3n adecuado, equivalente al proporcionado por la normativa europea. En caso de que usted quiera ser excluido de este tratamiento de datos s\u00f3lo tiene que comunicarlo al Centro en cualquiera de las direcciones que constan en este documento.<\/p>\n<p style=\"font-weight: 400;\">1.1.5.- PLAZO DE CONSERVACI\u00d3N DE LA INFORMACI\u00d3N.<\/p>\n<p style=\"font-weight: 400;\">El responsable del tratamiento conservar\u00e1 su informaci\u00f3n mientras no revoque el consentimiento otorgado en aceptar esta cl\u00e1usula.<\/p>\n<p style=\"font-weight: 400;\">1.1.6.- DERECHOS COMO AFECTADO<\/p>\n<p style=\"font-weight: 400;\">Tiene derecho a acceder, rectificar, suprimir, oponerse a que sus datos se traten, a limitar el tratamiento, a pedir la portabilidad de los datos, a no ser sometido a decisiones individuales automatizadas y a revocar el consentimiento que otorga.<\/p>\n<p style=\"font-weight: 400;\">Para ejercer estos derechos puede dirigirse por escrito al email info@comaresme.cat, contactar por tel\u00e9fono al937905705, con el texto \u00abPROTECCI\u00d3N DE DATOS\u00bb en el asunto.<\/p>\n<p style=\"font-weight: 400;\">1.1.7.- DERECHO DE RECLAMACI\u00d3N.<\/p>\n<p style=\"font-weight: 400;\">El organismo competente para conocer de la correcta aplicaci\u00f3n de las normas sobre tratamiento de la informaci\u00f3n es la Autoridad de Protecci\u00f3n de Datos, con domicilio en la Calle Jorge Juan n. 6 de Madrid.<\/p>\n<p style=\"font-weight: 400;\">1.1.8.- OBLIGACIONES DEL AFECTADO.<\/p>\n<p style=\"font-weight: 400;\">El afectado debe aportar informaci\u00f3n veraz y actualizada en todos los procesos de recogida de datos, siendo \u00e9l el \u00fanico responsable de la vulneraci\u00f3n de esta obligaci\u00f3n.<\/p>\n<p style=\"font-weight: 400;\">En los formularios de recogida de datos est\u00e1n marcados los datos que son obligatorios aportar, en funci\u00f3n de la demanda que haga el afectado. La falta de la aportaci\u00f3n de estos datos puede suponer la imposibilidad de participar de la actividad o proporcionar el servicio que se solicita.<\/p>\n<p style=\"font-weight: 400;\">1.1.9.- ELABORACI\u00d3N DE PERFILES<\/p>\n<p style=\"font-weight: 400;\">Para el cumplimiento de los objetivos del responsable del tratamiento y, sobre todo, para hacer una atenci\u00f3n m\u00e1s personalizada, cuidadosa y eficaz del usuario, a veces, es necesario elaborar perfiles de los destinatarios de los servicios. En ning\u00fan caso, la elaboraci\u00f3n del perfil se hace de manera exclusivamente automatizada.<\/p>\n<p style=\"font-weight: 400;\">1.2. CONSENTIMIENTO DEL USUARIO<\/p>\n<p style=\"font-weight: 400;\">Se entiende que el usuario acepta las condiciones establecidas si pulsa el bot\u00f3n \u00abACEPTAR\u00bb o \u00abENVIAR\u00bb que se encuentra en todos los formularios de recogida de datos, o si env\u00eda un mensaje por correo electr\u00f3nico.<\/p>\n<p style=\"font-weight: 400;\">Los datos personales se guardan en la base de datos general de administraci\u00f3n de Servicios Oftalmol\u00f3gicos del Dr. Arasanz que, en todo caso, garantiza las medidas t\u00e9cnicas y organizativas para preservar la integridad y la seguridad de la informaci\u00f3n que trata.<\/p>\n<p style=\"font-weight: 400;\">1.3. SEGURIDAD<\/p>\n<p style=\"font-weight: 400;\">La base de datos general est\u00e1 dotada del preceptivo documento de seguridad y ha establecido todos los medios t\u00e9cnicos a su alcance para evitar la p\u00e9rdida, mal uso, alteraci\u00f3n, acceso no autorizado y robo de los datos facilitados. El tratamiento de los datos personales est\u00e1 ajustado a la normativa establecida en el Reglamento (UE) 2016\/679 del Parlamento Europeo y del Consejo, de 27 de abril de 2016.<\/p>\n<p style=\"font-weight: 400;\">1.4.- COOKIES Y RECOGIDA DE DATOS ESTAD\u00cdSTICOS<\/p>\n<p style=\"font-weight: 400;\">La navegaci\u00f3n de un usuario por esta web deja como rastro la direcci\u00f3n IP que le ha sido asignada por su proveedor de acceso a Internet. S\u00f3lo se utiliza esta direcci\u00f3n para fines exclusivamente internos, como son las estad\u00edsticas de acceso al Portal.<\/p>\n<p style=\"font-weight: 400;\">Para la utilizaci\u00f3n de esta web, es posible que se utilicen cookies. Las cookies que se puedan utilizar asocian \u00fanicamente con el navegador de un ordenador determinado (un usuario an\u00f3nimo), y no proporcionan por s\u00ed mismas ning\u00fan dato personal del usuario. Esta web puede utilizar los siguientes tipos de galletas:<\/p>\n<p style=\"font-weight: 400;\">&#8211; Cookies de an\u00e1lisis: permiten cuantificar el n\u00famero de usuarios y as\u00ed realizar la medici\u00f3n y an\u00e1lisis estad\u00edstico de la utilizaci\u00f3n y actividad que hacen los usuarios de nuestra p\u00e1gina web, as\u00ed como elaborar de perfiles de navegaci\u00f3n de los usuarios en estas p\u00e1ginas y en nuestras aplicaciones, todo ello con el fin de introducir mejoras.<\/p>\n<p style=\"font-weight: 400;\">&#8211; Cookies t\u00e9cnicas: permiten al usuario la navegaci\u00f3n a trav\u00e9s de la p\u00e1gina web y la utilizaci\u00f3n de las diferentes opciones o servicios que en ella existen como, por ejemplo, controlar el tr\u00e1fico y la comunicaci\u00f3n de datos, identificar la sesi\u00f3n, acceder a partes de acceso restringido, recordar los elementos que integran un pedido, realizar el proceso de compra de un pedido, realizar la solicitud de inscripci\u00f3n o participaci\u00f3n en un evento, utilizar elementos de seguridad durante la navegaci\u00f3n o almacenar, difundir y \/ o compartir contenidos.<\/p>\n<p style=\"font-weight: 400;\">El usuario tiene la posibilidad de configurar su navegador para ser avisado en pantalla de la recepci\u00f3n de cookies y para evitar su instalaci\u00f3n en su disco duro. Todos los navegadores permiten hacer cambios con el fin de desactivar la configuraci\u00f3n de las cookies. Estos ajustes se encuentran ubicados en las \u00abopciones\u00bb o \u00abpreferencias\u00bb del men\u00fa de su navegador. A continuaci\u00f3n, podr\u00e1 encontrar los links de cada navegador para desactivar las cookies siguiendo las instrucciones:<\/p>\n<ul>\n<li style=\"font-weight: 400;\">Explorer<\/li>\n<li style=\"font-weight: 400;\">Firefox<\/li>\n<li style=\"font-weight: 400;\">Chrome<\/li>\n<li style=\"font-weight: 400;\">Safari<\/li>\n<li style=\"font-weight: 400;\">Opera<\/li>\n<\/ul>\n<p style=\"font-weight: 400;\">Le informamos, sin embargo, que existe la posibilidad de que la desactivaci\u00f3n de alguna galleta impida o dificulte la navegaci\u00f3n o la prestaci\u00f3n de los servicios ofrecidos en esta web.<\/p>\n<p style=\"font-weight: 400;\">1.5. &#8211; USO DE DIRECCIONES IP<\/p>\n<p style=\"font-weight: 400;\">Para facilitar la b\u00fasqueda de recursos que creemos que son de su inter\u00e9s, puede encontrar en esta web enlaces a otras p\u00e1ginas.<\/p>\n<p style=\"font-weight: 400;\">Esta pol\u00edtica de privacidad s\u00f3lo es de aplicaci\u00f3n a esta web. El responsable del tratamiento no garantiza el cumplimiento de esta pol\u00edtica en otras webs, ni se hace responsable de los accesos mediante enlaces desde este sitio.<\/p>\t\t\t\t\t\t\t\t<\/div>\n\t\t\t\t<\/div>\n\t\t\t\t\t<\/div>\n\t\t<\/div>\n\t\t\t\t\t<\/div>\n\t\t<\/section>\n\t\t\t\t<\/div>","protected":false},"excerpt":{"rendered":"<p>Pol\u00edtica de privacidad PRIVACIDAD Y TRATAMIENTO DE LA INFORMACI\u00d3N 1.1.- DERECHO DE INFORMACI\u00d3N De acuerdo con lo dispuesto en el art\u00edculo 11 de la Ley Org\u00e1nica 3\/2018 de 5 de diciembre, de Protecci\u00f3n de Datos y garant\u00eda de derechos digitales (en adelante LOPD) y el art\u00edculo 13 del Reglamento General de Protecci\u00f3n de datos le [&hellip;]<\/p>","protected":false},"author":1,"featured_media":0,"parent":0,"menu_order":0,"comment_status":"closed","ping_status":"closed","template":"","meta":{"footnotes":""},"class_list":["post-3","page","type-page","status-publish","hentry"],"_links":{"self":[{"href":"https:\/\/www.comaresme.cat\/ca\/wp-json\/wp\/v2\/pages\/3","targetHints":{"allow":["GET"]}}],"collection":[{"href":"https:\/\/www.comaresme.cat\/ca\/wp-json\/wp\/v2\/pages"}],"about":[{"href":"https:\/\/www.comaresme.cat\/ca\/wp-json\/wp\/v2\/types\/page"}],"author":[{"embeddable":true,"href":"https:\/\/www.comaresme.cat\/ca\/wp-json\/wp\/v2\/users\/1"}],"replies":[{"embeddable":true,"href":"https:\/\/www.comaresme.cat\/ca\/wp-json\/wp\/v2\/comments?post=3"}],"version-history":[{"count":4,"href":"https:\/\/www.comaresme.cat\/ca\/wp-json\/wp\/v2\/pages\/3\/revisions"}],"predecessor-version":[{"id":189,"href":"https:\/\/www.comaresme.cat\/ca\/wp-json\/wp\/v2\/pages\/3\/revisions\/189"}],"wp:attachment":[{"href":"https:\/\/www.comaresme.cat\/ca\/wp-json\/wp\/v2\/media?parent=3"}],"curies":[{"name":"wp","href":"https:\/\/api.w.org\/{rel}","templated":true}]}}